{"id":4416,"date":"2021-10-01T23:14:56","date_gmt":"2021-10-01T23:14:56","guid":{"rendered":"http:\/\/cracpatrimoni.com\/activitat\/semana-europea-de-la-conservacion-restauracion-2021\/"},"modified":"2023-01-09T14:01:41","modified_gmt":"2023-01-09T14:01:41","slug":"semana-europea-de-la-conservacion-restauracion-2021","status":"publish","type":"activitat","link":"https:\/\/cracpatrimoni.com\/es\/activitat\/semana-europea-de-la-conservacion-restauracion-2021\/","title":{"rendered":"Semana europea de la Conservaci\u00f3n-Restauraci\u00f3n 2021"},"content":{"rendered":"\n<hr class=\"wp-block-separator has-text-color has-alpha-channel-opacity has-background is-style-dots\" style=\"background-color:#f4f5f0;color:#f4f5f0\"\/>\n\n<p>El d\u00eda <strong>10 de octubr<\/strong>e celebraremos el <strong>D\u00eda Europeo de la Conservaci\u00f3n-Restauraci\u00f3n<\/strong> , una propuesta de ECCO iniciada en 2018 que CRAC apoya cada a\u00f1o. Desde la asociaci\u00f3n creemos que es una ocasi\u00f3n esencial para dar a conocer nuestra profesi\u00f3n y hacer accesible la conservaci\u00f3n del patrimonio cultural en la sociedad.<\/p>\n\n<p>Este a\u00f1o os proponemos las siguientes <strong>actividades<\/strong> :<\/p>\n\n<p class=\"has-text-color\" style=\"color:#f4f5f0\">&#8211;<\/p>\n\n<hr class=\"wp-block-separator has-text-color has-alpha-channel-opacity has-background is-style-dots\" style=\"background-color:#f4f5f0;color:#f4f5f0\"\/>\n\n<p class=\"has-text-color\" style=\"color:#248e6d\"><strong>Jornadas de puertas abiertas y visitas comentadas<\/strong><\/p>\n\n<hr class=\"wp-block-separator has-text-color has-alpha-channel-opacity has-background is-style-dots\" style=\"background-color:#f4f5f0;color:#f4f5f0\"\/>\n\n<p>Os proponemos 3 visitas organizadas gracias a la colaboraci\u00f3n de instituciones del sector:<\/p>\n\n<hr class=\"wp-block-separator has-text-color has-alpha-channel-opacity has-background is-style-dots\" style=\"background-color:#f4f5f0;color:#f4f5f0\"\/>\n\n<div class=\"wp-block-columns is-layout-flex wp-container-core-columns-is-layout-28f84493 wp-block-columns-is-layout-flex\">\n<div class=\"wp-block-column is-layout-flow wp-block-column-is-layout-flow\">\n<p class=\"has-luminous-vivid-orange-color has-text-color\"><strong>Escuela Superior de Conservaci\u00f3n y Restauraci\u00f3n de Bienes Culturales de Catalunya. <\/strong><\/p>\n\n\n\n<p>Puertas abiertas en los talleres.<br\/><strong>Fechas:<\/strong> DM 5\/10 de 9h a 11h y DC 6\/10 de 9h a 12h.<br\/><strong>Lugar:<\/strong> ESCRBCC &#8211; C\/Aiguablava 109-113<br\/><strong>Inscripciones:<\/strong> <a href=\"mailto:escrbcc@xtec.cat\" target=\"_blank\" rel=\"noreferrer noopener\">escrbcc@xtec.cat<\/a><\/p>\n<\/div>\n\n\n\n<div class=\"wp-block-column is-layout-flow wp-block-column-is-layout-flow\">\n<p class=\"has-luminous-vivid-orange-color has-text-color\"><strong>Facultad de Bellas Artes de la Universidad de Barcelona. <\/strong><\/p>\n\n\n\n<p>Visita guiada a los laboratorios de Conservaci\u00f3n-Restauraci\u00f3n.<br\/><strong>Fecha:<\/strong> DV 8\/10 a las 18h.<br\/><strong>Lugar:<\/strong> 1er piso, Facultad de Bellas Artes &#8211; C\/ Pau Gargallo 4<br\/><strong>Inscripciones:<\/strong> <a href=\"mailto:martaoriola@ub.edu\" target=\"_blank\" rel=\"noreferrer noopener\">martaoriola@ub.edu<\/a><\/p>\n<\/div>\n\n\n\n<div class=\"wp-block-column is-layout-flow wp-block-column-is-layout-flow\">\n<p class=\"has-luminous-vivid-orange-color has-text-color\"><strong>Centro de Restauraci\u00f3n de Bienes Muebles de Catalu\u00f1a. <\/strong><\/p>\n\n\n\n<p>Visita guiada con conservadores-restauradores.<br\/><strong>Fecha:<\/strong> DG 10\/10, a las 11:30h.<br\/><strong>Lugar:<\/strong> Centro de Restauraci\u00f3n de Bienes Muebles de Catalunya. C\/Arnau Cadell 30<br\/><strong>Inscripciones<\/strong> : <a href=\"mailto:crbmc.cultura@gencat.cat\" target=\"_blank\" rel=\"noreferrer noopener\">crbmc.cultura@gencat.cat<\/a> o 93 590 29 70<\/p>\n<\/div>\n<\/div>\n\n<hr class=\"wp-block-separator has-text-color has-alpha-channel-opacity has-background is-style-dots\" style=\"background-color:#f4f5f0;color:#f4f5f0\"\/>\n\n<p class=\"has-text-color\" style=\"color:#248e6d\"><strong><strong>Presentaci\u00f3n del estudio sobre el estado actual del sector de la conservaci\u00f3n-restauraci\u00f3n en Catalu\u00f1a 2019.<\/strong><\/strong><\/p>\n\n<p>Finalmente, despu\u00e9s de haber aplazado la presentaci\u00f3n in\u00e9dita prevista para el 13 de marzo de 2020, nos complace invitarle al acto de presentaci\u00f3n de este trabajo clave para la asociaci\u00f3n y la comunidad profesional.<br\/>Recuerde que puede consultar, desde mayo de 2020, el estudio completo en nuestra web.<br\/><strong>Fecha:<\/strong> Jueves 7 de octubre a las 17h.<br\/><strong>Presentaci\u00f3n:<\/strong> <a href=\"http:\/\/cracpatrimoni.com\/images\/PDF\/2021_10_Presentacio.estudi.sector.pdf\">Presentaci\u00f3n Estudio sobre el estado actual del sector de la CR en Catalu\u00f1a 2019<\/a><\/p>\n\n<hr class=\"wp-block-separator has-text-color has-alpha-channel-opacity has-background is-style-dots\" style=\"background-color:#f4f5f0;color:#f4f5f0\"\/>\n\n<p class=\"has-text-color\" style=\"color:#248e6d\"><strong>Campa\u00f1a en las Redes Sociales<\/strong><\/p>\n\n<p class=\"has-black-color has-text-color\">-Os animamos a participar con ECCO en la campa\u00f1a de difusi\u00f3n con un tema a compartir todos los d\u00edas del 4 al 10 de octubre. \u00a1Llenemos las redes sociales de nuestra profesi\u00f3n! Publique con las etiquetas<\/p>\n\n<p class=\"has-luminous-vivid-orange-color has-text-color\"> <strong>#ECCOCommunity, #EuropeanDayConservationRestoration, #EUDayConservationRestoration<\/strong><\/p>\n\n<hr class=\"wp-block-separator has-text-color has-alpha-channel-opacity has-background is-style-dots\" style=\"background-color:#f4f5f0;color:#f4f5f0\"\/>\n\n<figure class=\"wp-block-image size-full\"><img fetchpriority=\"high\" decoding=\"async\" width=\"940\" height=\"788\" src=\"http:\/\/cracpatrimoni.com\/wp-content\/uploads\/2022\/12\/programa-setmana-europea-conservacio-2021.png\" alt=\"\" class=\"wp-image-2371\" srcset=\"https:\/\/cracpatrimoni.com\/wp-content\/uploads\/2022\/12\/programa-setmana-europea-conservacio-2021.png 940w, https:\/\/cracpatrimoni.com\/wp-content\/uploads\/2022\/12\/programa-setmana-europea-conservacio-2021-600x503.png 600w, https:\/\/cracpatrimoni.com\/wp-content\/uploads\/2022\/12\/programa-setmana-europea-conservacio-2021-300x251.png 300w, https:\/\/cracpatrimoni.com\/wp-content\/uploads\/2022\/12\/programa-setmana-europea-conservacio-2021-768x644.png 768w\" sizes=\"(max-width: 940px) 100vw, 940px\" \/><\/figure>\n","protected":false},"featured_media":3461,"template":"","class_list":["post-4416","activitat","type-activitat","status-publish","has-post-thumbnail","hentry"],"acf":[],"yoast_head":"<!-- This site is optimized with the Yoast SEO plugin v27.5 - https:\/\/yoast.com\/product\/yoast-seo-wordpress\/ -->\n<title>Semana europea de la Conservaci\u00f3n-Restauraci\u00f3n 2021 - CRAC<\/title>\n<meta name=\"robots\" content=\"index, follow, max-snippet:-1, max-image-preview:large, max-video-preview:-1\" \/>\n<link rel=\"canonical\" href=\"https:\/\/cracpatrimoni.com\/es\/activitat\/semana-europea-de-la-conservacion-restauracion-2021\/\" \/>\n<meta property=\"og:locale\" content=\"es_ES\" \/>\n<meta property=\"og:type\" content=\"article\" \/>\n<meta property=\"og:title\" content=\"Semana europea de la Conservaci\u00f3n-Restauraci\u00f3n 2021 - CRAC\" \/>\n<meta property=\"og:description\" content=\"El d\u00eda 10 de octubre celebraremos el D\u00eda Europeo de la Conservaci\u00f3n-Restauraci\u00f3n , una propuesta de ECCO iniciada en 2018 que CRAC apoya cada a\u00f1o. Desde la asociaci\u00f3n creemos que es una ocasi\u00f3n esencial para dar a conocer nuestra profesi\u00f3n y hacer accesible la conservaci\u00f3n del patrimonio cultural en la sociedad. Este a\u00f1o os proponemos [&hellip;]\" \/>\n<meta property=\"og:url\" content=\"https:\/\/cracpatrimoni.com\/es\/activitat\/semana-europea-de-la-conservacion-restauracion-2021\/\" \/>\n<meta property=\"og:site_name\" content=\"CRAC\" \/>\n<meta property=\"article:modified_time\" content=\"2023-01-09T14:01:41+00:00\" \/>\n<meta property=\"og:image\" content=\"https:\/\/cracpatrimoni.com\/wp-content\/uploads\/2021\/10\/miniatura-activitats-setmana-restauracio-1024x706.png\" \/>\n\t<meta property=\"og:image:width\" content=\"1024\" \/>\n\t<meta property=\"og:image:height\" content=\"706\" \/>\n\t<meta property=\"og:image:type\" content=\"image\/png\" \/>\n<meta name=\"twitter:card\" content=\"summary_large_image\" \/>\n<meta name=\"twitter:label1\" content=\"Tiempo de lectura\" \/>\n\t<meta name=\"twitter:data1\" content=\"2 minutos\" \/>\n<script type=\"application\/ld+json\" class=\"yoast-schema-graph\">{\"@context\":\"https:\\\/\\\/schema.org\",\"@graph\":[{\"@type\":\"WebPage\",\"@id\":\"https:\\\/\\\/cracpatrimoni.com\\\/es\\\/activitat\\\/semana-europea-de-la-conservacion-restauracion-2021\\\/\",\"url\":\"https:\\\/\\\/cracpatrimoni.com\\\/es\\\/activitat\\\/semana-europea-de-la-conservacion-restauracion-2021\\\/\",\"name\":\"Semana europea de la Conservaci\u00f3n-Restauraci\u00f3n 2021 - CRAC\",\"isPartOf\":{\"@id\":\"https:\\\/\\\/cracpatrimoni.com\\\/es\\\/#website\"},\"primaryImageOfPage\":{\"@id\":\"https:\\\/\\\/cracpatrimoni.com\\\/es\\\/activitat\\\/semana-europea-de-la-conservacion-restauracion-2021\\\/#primaryimage\"},\"image\":{\"@id\":\"https:\\\/\\\/cracpatrimoni.com\\\/es\\\/activitat\\\/semana-europea-de-la-conservacion-restauracion-2021\\\/#primaryimage\"},\"thumbnailUrl\":\"https:\\\/\\\/cracpatrimoni.com\\\/wp-content\\\/uploads\\\/2021\\\/10\\\/miniatura-activitats-setmana-restauracio.png\",\"datePublished\":\"2021-10-01T23:14:56+00:00\",\"dateModified\":\"2023-01-09T14:01:41+00:00\",\"breadcrumb\":{\"@id\":\"https:\\\/\\\/cracpatrimoni.com\\\/es\\\/activitat\\\/semana-europea-de-la-conservacion-restauracion-2021\\\/#breadcrumb\"},\"inLanguage\":\"es\",\"potentialAction\":[{\"@type\":\"ReadAction\",\"target\":[\"https:\\\/\\\/cracpatrimoni.com\\\/es\\\/activitat\\\/semana-europea-de-la-conservacion-restauracion-2021\\\/\"]}]},{\"@type\":\"ImageObject\",\"inLanguage\":\"es\",\"@id\":\"https:\\\/\\\/cracpatrimoni.com\\\/es\\\/activitat\\\/semana-europea-de-la-conservacion-restauracion-2021\\\/#primaryimage\",\"url\":\"https:\\\/\\\/cracpatrimoni.com\\\/wp-content\\\/uploads\\\/2021\\\/10\\\/miniatura-activitats-setmana-restauracio.png\",\"contentUrl\":\"https:\\\/\\\/cracpatrimoni.com\\\/wp-content\\\/uploads\\\/2021\\\/10\\\/miniatura-activitats-setmana-restauracio.png\",\"width\":1450,\"height\":1000},{\"@type\":\"BreadcrumbList\",\"@id\":\"https:\\\/\\\/cracpatrimoni.com\\\/es\\\/activitat\\\/semana-europea-de-la-conservacion-restauracion-2021\\\/#breadcrumb\",\"itemListElement\":[{\"@type\":\"ListItem\",\"position\":1,\"name\":\"Portada\",\"item\":\"https:\\\/\\\/cracpatrimoni.com\\\/es\\\/\"},{\"@type\":\"ListItem\",\"position\":2,\"name\":\"Activitats\",\"item\":\"https:\\\/\\\/cracpatrimoni.com\\\/activitat\\\/\"},{\"@type\":\"ListItem\",\"position\":3,\"name\":\"Semana europea de la Conservaci\u00f3n-Restauraci\u00f3n 2021\"}]},{\"@type\":\"WebSite\",\"@id\":\"https:\\\/\\\/cracpatrimoni.com\\\/es\\\/#website\",\"url\":\"https:\\\/\\\/cracpatrimoni.com\\\/es\\\/\",\"name\":\"CRAC\",\"description\":\"Conservadors restauradors associats de Catalunya\",\"publisher\":{\"@id\":\"https:\\\/\\\/cracpatrimoni.com\\\/es\\\/#organization\"},\"potentialAction\":[{\"@type\":\"SearchAction\",\"target\":{\"@type\":\"EntryPoint\",\"urlTemplate\":\"https:\\\/\\\/cracpatrimoni.com\\\/es\\\/?s={search_term_string}\"},\"query-input\":{\"@type\":\"PropertyValueSpecification\",\"valueRequired\":true,\"valueName\":\"search_term_string\"}}],\"inLanguage\":\"es\"},{\"@type\":\"Organization\",\"@id\":\"https:\\\/\\\/cracpatrimoni.com\\\/es\\\/#organization\",\"name\":\"CRAC\",\"url\":\"https:\\\/\\\/cracpatrimoni.com\\\/es\\\/\",\"logo\":{\"@type\":\"ImageObject\",\"inLanguage\":\"es\",\"@id\":\"https:\\\/\\\/cracpatrimoni.com\\\/es\\\/#\\\/schema\\\/logo\\\/image\\\/\",\"url\":\"https:\\\/\\\/cracpatrimoni.com\\\/wp-content\\\/uploads\\\/2022\\\/11\\\/logocrac-1-1.png\",\"contentUrl\":\"https:\\\/\\\/cracpatrimoni.com\\\/wp-content\\\/uploads\\\/2022\\\/11\\\/logocrac-1-1.png\",\"width\":384,\"height\":152,\"caption\":\"CRAC\"},\"image\":{\"@id\":\"https:\\\/\\\/cracpatrimoni.com\\\/es\\\/#\\\/schema\\\/logo\\\/image\\\/\"}}]}<\/script>\n<!-- \/ Yoast SEO plugin. -->","yoast_head_json":{"title":"Semana europea de la Conservaci\u00f3n-Restauraci\u00f3n 2021 - CRAC","robots":{"index":"index","follow":"follow","max-snippet":"max-snippet:-1","max-image-preview":"max-image-preview:large","max-video-preview":"max-video-preview:-1"},"canonical":"https:\/\/cracpatrimoni.com\/es\/activitat\/semana-europea-de-la-conservacion-restauracion-2021\/","og_locale":"es_ES","og_type":"article","og_title":"Semana europea de la Conservaci\u00f3n-Restauraci\u00f3n 2021 - CRAC","og_description":"El d\u00eda 10 de octubre celebraremos el D\u00eda Europeo de la Conservaci\u00f3n-Restauraci\u00f3n , una propuesta de ECCO iniciada en 2018 que CRAC apoya cada a\u00f1o. Desde la asociaci\u00f3n creemos que es una ocasi\u00f3n esencial para dar a conocer nuestra profesi\u00f3n y hacer accesible la conservaci\u00f3n del patrimonio cultural en la sociedad. Este a\u00f1o os proponemos [&hellip;]","og_url":"https:\/\/cracpatrimoni.com\/es\/activitat\/semana-europea-de-la-conservacion-restauracion-2021\/","og_site_name":"CRAC","article_modified_time":"2023-01-09T14:01:41+00:00","og_image":[{"width":1024,"height":706,"url":"https:\/\/cracpatrimoni.com\/wp-content\/uploads\/2021\/10\/miniatura-activitats-setmana-restauracio-1024x706.png","type":"image\/png"}],"twitter_card":"summary_large_image","twitter_misc":{"Tiempo de lectura":"2 minutos"},"schema":{"@context":"https:\/\/schema.org","@graph":[{"@type":"WebPage","@id":"https:\/\/cracpatrimoni.com\/es\/activitat\/semana-europea-de-la-conservacion-restauracion-2021\/","url":"https:\/\/cracpatrimoni.com\/es\/activitat\/semana-europea-de-la-conservacion-restauracion-2021\/","name":"Semana europea de la Conservaci\u00f3n-Restauraci\u00f3n 2021 - CRAC","isPartOf":{"@id":"https:\/\/cracpatrimoni.com\/es\/#website"},"primaryImageOfPage":{"@id":"https:\/\/cracpatrimoni.com\/es\/activitat\/semana-europea-de-la-conservacion-restauracion-2021\/#primaryimage"},"image":{"@id":"https:\/\/cracpatrimoni.com\/es\/activitat\/semana-europea-de-la-conservacion-restauracion-2021\/#primaryimage"},"thumbnailUrl":"https:\/\/cracpatrimoni.com\/wp-content\/uploads\/2021\/10\/miniatura-activitats-setmana-restauracio.png","datePublished":"2021-10-01T23:14:56+00:00","dateModified":"2023-01-09T14:01:41+00:00","breadcrumb":{"@id":"https:\/\/cracpatrimoni.com\/es\/activitat\/semana-europea-de-la-conservacion-restauracion-2021\/#breadcrumb"},"inLanguage":"es","potentialAction":[{"@type":"ReadAction","target":["https:\/\/cracpatrimoni.com\/es\/activitat\/semana-europea-de-la-conservacion-restauracion-2021\/"]}]},{"@type":"ImageObject","inLanguage":"es","@id":"https:\/\/cracpatrimoni.com\/es\/activitat\/semana-europea-de-la-conservacion-restauracion-2021\/#primaryimage","url":"https:\/\/cracpatrimoni.com\/wp-content\/uploads\/2021\/10\/miniatura-activitats-setmana-restauracio.png","contentUrl":"https:\/\/cracpatrimoni.com\/wp-content\/uploads\/2021\/10\/miniatura-activitats-setmana-restauracio.png","width":1450,"height":1000},{"@type":"BreadcrumbList","@id":"https:\/\/cracpatrimoni.com\/es\/activitat\/semana-europea-de-la-conservacion-restauracion-2021\/#breadcrumb","itemListElement":[{"@type":"ListItem","position":1,"name":"Portada","item":"https:\/\/cracpatrimoni.com\/es\/"},{"@type":"ListItem","position":2,"name":"Activitats","item":"https:\/\/cracpatrimoni.com\/activitat\/"},{"@type":"ListItem","position":3,"name":"Semana europea de la Conservaci\u00f3n-Restauraci\u00f3n 2021"}]},{"@type":"WebSite","@id":"https:\/\/cracpatrimoni.com\/es\/#website","url":"https:\/\/cracpatrimoni.com\/es\/","name":"CRAC","description":"Conservadors restauradors associats de Catalunya","publisher":{"@id":"https:\/\/cracpatrimoni.com\/es\/#organization"},"potentialAction":[{"@type":"SearchAction","target":{"@type":"EntryPoint","urlTemplate":"https:\/\/cracpatrimoni.com\/es\/?s={search_term_string}"},"query-input":{"@type":"PropertyValueSpecification","valueRequired":true,"valueName":"search_term_string"}}],"inLanguage":"es"},{"@type":"Organization","@id":"https:\/\/cracpatrimoni.com\/es\/#organization","name":"CRAC","url":"https:\/\/cracpatrimoni.com\/es\/","logo":{"@type":"ImageObject","inLanguage":"es","@id":"https:\/\/cracpatrimoni.com\/es\/#\/schema\/logo\/image\/","url":"https:\/\/cracpatrimoni.com\/wp-content\/uploads\/2022\/11\/logocrac-1-1.png","contentUrl":"https:\/\/cracpatrimoni.com\/wp-content\/uploads\/2022\/11\/logocrac-1-1.png","width":384,"height":152,"caption":"CRAC"},"image":{"@id":"https:\/\/cracpatrimoni.com\/es\/#\/schema\/logo\/image\/"}}]}},"_links":{"self":[{"href":"https:\/\/cracpatrimoni.com\/es\/wp-json\/wp\/v2\/activitat\/4416","targetHints":{"allow":["GET"]}}],"collection":[{"href":"https:\/\/cracpatrimoni.com\/es\/wp-json\/wp\/v2\/activitat"}],"about":[{"href":"https:\/\/cracpatrimoni.com\/es\/wp-json\/wp\/v2\/types\/activitat"}],"version-history":[{"count":7,"href":"https:\/\/cracpatrimoni.com\/es\/wp-json\/wp\/v2\/activitat\/4416\/revisions"}],"predecessor-version":[{"id":4658,"href":"https:\/\/cracpatrimoni.com\/es\/wp-json\/wp\/v2\/activitat\/4416\/revisions\/4658"}],"wp:featuredmedia":[{"embeddable":true,"href":"https:\/\/cracpatrimoni.com\/es\/wp-json\/wp\/v2\/media\/3461"}],"wp:attachment":[{"href":"https:\/\/cracpatrimoni.com\/es\/wp-json\/wp\/v2\/media?parent=4416"}],"curies":[{"name":"wp","href":"https:\/\/api.w.org\/{rel}","templated":true}]}}